{"id":11,"date":"2018-03-22T07:30:22","date_gmt":"2018-03-22T07:30:22","guid":{"rendered":"http:\/\/poltorakstomatologia.pl\/?page_id=11"},"modified":"2026-04-01T09:30:46","modified_gmt":"2026-04-01T08:30:46","slug":"cennik-uslug-poltorak-stomatologia-kielce","status":"publish","type":"page","link":"https:\/\/poltorakstomatologia.pl\/index.php\/cennik-uslug-poltorak-stomatologia-kielce\/","title":{"rendered":"Cennik"},"content":{"rendered":"<h3><em><u>Leczenie zachowawcze<\/u><\/em><\/h3>\n<p><strong>Konsultacja stomatologiczna:\u00a0 \u00a0 \u00a0<\/strong>150-200 z\u0142<br \/>\n<strong>Wype\u0142nienie w z\u0119bie sta\u0142ym w zale\u017cno\u015bci od wielko\u015bci:\u00a0 \u00a0 \u00a0<\/strong>300-400 z\u0142<br \/>\n<strong>Leczenie z zastosowaniem lasera Er:\u00a0 \u00a0 \u00a0<\/strong>+100 z\u0142<br \/>\n<strong>Odbudowa z\u0119ba:\u00a0 \u00a0 \u00a0<\/strong>od 450 z\u0142<br \/>\n<strong>Wype\u0142nienie w z\u0119bie mlecznym:\u00a0 \u00a0 \u00a0<\/strong>200-250 z\u0142<br \/>\n<strong>Odbudowa na w\u0142\u00f3knie szklanym:\u00a0 \u00a0 \u00a0<\/strong>500-550 z\u0142<br \/>\n<strong>Lic\u00f3wka kompozytowa (bonding):\u00a0 \u00a0 \u00a0<\/strong>600 z\u0142<br \/>\n<strong>Opatrunek w z\u0119bie sta\u0142ym:\u00a0 \u00a0 \u00a0<\/strong>150 z\u0142<br \/>\n<strong>Opatrunek w z\u0119bie mlecznym:\u00a0 \u00a0 \u00a0<\/strong>120 z\u0142<br \/>\n<strong>Znieczulenie:\u00a0 \u00a0 \u00a0<\/strong>30 z\u0142<\/p>\n<h3><em><u>Profilaktyka<\/u><\/em><\/h3>\n<p><strong>Lakowanie z\u0119ba:\u00a0 \u00a0 \u00a0<\/strong>150 z\u0142<br \/>\n<strong>Skaling<\/strong>:\u00a0 \u00a0 \u00a0200 z\u0142<br \/>\n<strong style=\"font-size: 1rem;\">Piaskowanie<\/strong><span style=\"font-size: 1rem;\">:\u00a0 \u00a0 \u00a0160 z\u0142<br \/>\n<\/span><strong style=\"font-size: 1rem;\">Fluoryzacja<\/strong><span style=\"font-size: 1rem;\">:\u00a0 \u00a0 \u00a0150 z\u0142<br \/>\n<\/span><strong style=\"font-size: 1rem;\">Kompleksowa higienizacja<\/strong><span style=\"font-size: 1rem;\"> : (skaling+piaskowanie+fluoryzacja)\u00a0 \u00a0 \u00a0350-400 z\u0142<br \/>\n<\/span><strong style=\"font-size: 1rem;\">Wybielanie nak\u0142adkowe<\/strong><span style=\"font-size: 1rem;\">:\u00a0 \u00a0 \u00a01500 z\u0142<br \/>\n<\/span><strong style=\"font-size: 1rem;\">Leczenie nadwra\u017cliwo\u015bci laserem diodowym<\/strong><span style=\"font-size: 1rem;\">:\u00a0 \u00a0 \u00a050 z\u0142 \/ z\u0105b<br \/>\n<\/span><strong style=\"font-size: 1rem;\">Diagnostyka obrazowa RVG<\/strong><span style=\"font-size: 1rem;\">:\u00a0 \u00a0 \u00a050 z\u0142<\/span><\/p>\n<h3><em><u>Protetyka<\/u><\/em><\/h3>\n<p><strong> Korona porcelanowa na podbudowie metalowej:<\/strong> 1600 z\u0142<br \/>\n<strong>Korona porcelanowa na podbudowie<\/strong><br \/>\n<strong>z tlenku cyrkonu:<\/strong> 2100 z\u0142<br \/>\n<strong>Korona ca\u0142oceramiczna eMAX:<\/strong> 2100 z\u0142<br \/>\n<strong>Lic\u00f3wka porcelanowa eMAX:<\/strong> 2200 z\u0142<br \/>\n<strong>Lic\u00f3wka kompozytowa:<\/strong> 1400 z\u0142<br \/>\n<strong>Korona czasowa:<\/strong> 600 z\u0142<br \/>\n<strong>Korona lana licowana kompozytem:<\/strong> 1200-1400 z\u0142<br \/>\n<strong>Lany wk\u0142ad koronowo-korzeniowy prosty:<\/strong> 600 z\u0142<br \/>\n<strong>Lany wk\u0142ad koronowo-korzeniowy sk\u0142adany:<\/strong> 650 z\u0142<br \/>\n<strong>Inlay, onlay, overlay kompozytowy:<\/strong> 1500 z\u0142<br \/>\n<strong>Inlay, onlay, overlay ca\u0142oceramiczny:<\/strong> 2000 z\u0142<br \/>\n<strong>Wk\u0142ad kk z w\u0142\u00f3kna szklanego:<\/strong> 500 z\u0142<br \/>\n<strong>Proteza szkieletowa:<\/strong> 3000 z\u0142<br \/>\n<strong>Proteza elastyczna:<\/strong> 2700-3000 z\u0142<br \/>\n<strong>Proteza szkieletowa na zasuwach:<\/strong> 3500 z\u0142 + koszt koron +<br \/>\nkoszt zasuw<br \/>\n<strong>Proteza szkieletowa na zatrzaskach korzeniowych:<\/strong> 3500 z\u0142<br \/>\n+ 900 z\u0142 ka\u017cdy zatrzask<br \/>\n<strong>R\u00f3\u017cowe dzi\u0105s\u0142o w mo\u015bcie:<\/strong> 150 z\u0142 \/ punkt<br \/>\n<strong>Szyna relaksacyjna \/ repozycyjna:<\/strong> 800-900 z\u0142<br \/>\n<strong>Szyna do wybielania:<\/strong> 600-700 z\u0142<br \/>\n<strong>Szynowanie z\u0119b\u00f3w ta\u015bm\u0105 z w\u0142\u00f3kna:<\/strong> 200-250 z\u0142 \/ punkt<br \/>\n<strong>Proteza akrylowa cz\u0119\u015bciowa:<\/strong> 1400-1600 z\u0142<br \/>\n<strong>Proteza akrylowa ca\u0142kowita:<\/strong> 1400-1800 z\u0142<br \/>\n<strong>Mikroproteza (1-3 z\u0119by):<\/strong> 600-700 z\u0142<br \/>\n<strong>Pod\u015bcielenie protezy:<\/strong> 250-600 z\u0142<br \/>\n<strong>Siatka wzmacniaj\u0105ca:<\/strong> 200-300 z\u0142<br \/>\n<strong>Naprawa protezy:<\/strong> 200 z\u0142 + 20 kolejny element<br \/>\n<strong>Dob\u00f3r koloru w pracowni:<\/strong> 120-150 z\u0142<br \/>\n<strong>Korekta protezy:<\/strong> 50 z\u0142<br \/>\n<strong>Zdj\u0119cie korony:<\/strong> 200 z\u0142 \/ punkt<\/p>\n<h3><em><u>Implantoprotetyka<\/u><\/em><\/h3>\n<p><strong>Korona lana licowana porcelan\u0105 na implancie (cementowana lub przykr\u0119cana)<\/strong>:\u00a0 \u00a0 \u00a02500 z\u0142<br \/>\n<strong style=\"font-size: 1rem;\">Korona ca\u0142oceramiczna na podbudowie z tlenku cyrkonu przykr\u0119cana lub cementowana<\/strong><span style=\"font-size: 1rem;\">:\u00a0 \u00a0 \u00a02800-3000 z\u0142<br \/>\n<\/span><strong style=\"font-size: 1rem;\">Korona ca\u0142oceramiczna na podbudowie z tlenku cyrkonu na indywidualnym \u0142\u0105czniku cyrkonowym<\/strong><span style=\"font-size: 1rem;\">:\u00a0 \u00a0 \u00a03000 z\u0142 + cena \u0142\u0105cznika<br \/>\n<\/span><strong style=\"font-size: 1rem;\">Proteza szkieletowa na 2 implantach<\/strong><span style=\"font-size: 1rem;\">:\u00a0 \u00a0 \u00a05000 z\u0142 + koszt element\u00f3w protetycznych systemu<br \/>\n<\/span><strong style=\"font-size: 1rem;\">Proteza szkieletowa na 4 implantach<\/strong><span style=\"font-size: 1rem;\">:\u00a0 \u00a0 \u00a05200 z\u0142 + koszt element\u00f3w protetycznych systemu<br \/>\n<\/span><strong style=\"font-size: 1rem;\">Proteza szkieletowa na 6 implantach<\/strong><span style=\"font-size: 1rem;\">:\u00a0 \u00a0 \u00a05500 z\u0142 + koszt element\u00f3w protetycznych systemu<\/span><br \/>\n<strong style=\"font-size: 1rem;\">Proteza szkieletowa na belce na 2 implantach<\/strong><span style=\"font-size: 1rem;\">:\u00a0 \u00a0 \u00a0wycena indywidualna<\/span><br \/>\n<strong style=\"font-size: 1rem;\">Proteza szkieletowa na belce na 4 implantach<\/strong><span style=\"font-size: 1rem;\">:\u00a0 \u00a0 \u00a0wycena indywidualna<\/span><\/p>\n<p><span style=\"font-size: 1rem;\"><strong style=\"font-size: 1rem;\">Most okr\u0119\u017cny na implantach<\/strong>:\u00a0 \u00a0 \u00a0wycena indywidualna<\/span><\/p>\n<h3><em><u>Chirurgia stomatologiczna<\/u><\/em><\/h3>\n<p><strong>Usuni\u0119cie z\u0119ba jednokorzeniowego<\/strong>:\u00a0 \u00a0 \u00a0od 250 z\u0142<br \/>\n<strong style=\"font-size: 1rem;\">Usuni\u0119cie z\u0119ba wielokorzeniowego<\/strong><span style=\"font-size: 1rem;\">:\u00a0 \u00a0 \u00a0od 300-350 z\u0142<br \/>\n<\/span><strong style=\"font-size: 1rem;\">Usuni\u0119cie z\u0119ba zatrzymanego <\/strong><br \/>\n<strong style=\"font-size: 1rem;\">(w tym trzecich z\u0119b\u00f3w trzonowych):\u00a0 \u00a0 \u00a0<\/strong><span style=\"font-size: 1rem;\">od 350-500 z\u0142<br \/>\n<\/span><strong style=\"font-size: 1rem;\">Usuni\u0119cie korzeni przetrwa\u0142ych<\/strong><span style=\"font-size: 1rem;\">:\u00a0 \u00a0 \u00a0200-250 z\u0142<br \/>\n<\/span><strong style=\"font-size: 1rem;\">Usuni\u0119cie z\u0119ba mlecznego<\/strong><span style=\"font-size: 1rem;\">:\u00a0 \u00a0 \u00a0200 z\u0142<br \/>\n<\/span><strong style=\"font-size: 1rem;\">Chirurgiczne wyd\u0142u\u017cenie korony<\/strong><span style=\"font-size: 1rem;\">:\u00a0 \u00a0 \u00a0200 z\u0142 \/ szt.<br \/>\n<\/span><strong style=\"font-size: 1rem;\">Hemisekcja<\/strong><span style=\"font-size: 1rem;\">:\u00a0 \u00a0 \u00a0350-400 z\u0142<br \/>\n<\/span><strong style=\"font-size: 1rem;\">Ods\u0142oni\u0119cie korony z\u0119ba przy utrudnionym wyrzynaniu<\/strong><span style=\"font-size: 1rem;\">:\u00a0 \u00a0 \u00a0200 z\u0142<br \/>\n<\/span><strong style=\"font-size: 1rem;\">Gingiwoplastyka<\/strong><span style=\"font-size: 1rem;\">:\u00a0 \u00a0 \u00a0350 z\u0142<br \/>\n<\/span><strong style=\"font-size: 1rem;\">Alveoplastyka:\u00a0 \u00a0 \u00a0<\/strong><span style=\"font-size: 1rem;\">200-400 z\u0142<br \/>\n<\/span><strong style=\"font-size: 1rem;\">Naci\u0119cie ropnia:\u00a0 \u00a0 \u00a0<\/strong><span style=\"font-size: 1rem;\">200 z\u0142<br \/>\n<\/span><strong style=\"font-size: 1rem;\">Plastyka w\u0119dzide\u0142ka warg, policzk\u00f3w, j\u0119zyka<\/strong><span style=\"font-size: 1rem;\">:\u00a0 \u00a0 \u00a0350-400 z\u0142<br \/>\n<\/span><strong style=\"font-size: 1rem;\">Pog\u0142\u0119bienie przedsionka jamy ustnej:\u00a0 \u00a0 \u00a0<\/strong><span style=\"font-size: 1rem;\">450 z\u0142<\/span><br \/>\n<strong style=\"font-size: 1rem;\">Szycie rany:\u00a0 \u00a0 \u00a0<\/strong><span style=\"font-size: 1rem;\">50 z\u0142<\/span><\/p>\n<h3><em><u>Implantologia<\/u><\/em><\/h3>\n<p><strong>Wszczepienie implantu (cz\u0119\u015b\u0107 chirurgiczna)<\/strong>:\u00a0 \u00a0 \u00a02700 z\u0142<br \/>\n<strong style=\"font-size: 1rem;\">Ods\u0142oni\u0119cie implantu<\/strong><span style=\"font-size: 1rem;\">:\u00a0 \u00a0 \u00a0300-500 z\u0142<br \/>\n<\/span><strong style=\"font-size: 1rem;\">Regeneracja wyrostka z biomateria\u0142ami<\/strong><span style=\"font-size: 1rem;\">:\u00a0 \u00a0 \u00a03000-4000 z\u0142<\/span><br \/>\n<strong style=\"font-size: 1rem;\">Sinus lift otwarty<\/strong><span style=\"font-size: 1rem;\">:\u00a0 \u00a0 \u00a04000-4500 z\u0142<\/span><br \/>\n<strong style=\"font-size: 1rem;\">Sinus lift zamkni\u0119ty<\/strong><span style=\"font-size: 1rem;\">:\u00a0 \u00a0 \u00a02000-2500 z\u0142<\/span><\/p>\n<p><strong> Szanowny pacjencie,<\/strong><br \/>\ncennik us\u0142ug jest informacj\u0105 og\u00f3ln\u0105, nie uwzgl\u0119dnia specyfiki<br \/>\ndanego przypadku. Informacj\u0119 na temat koniecznych zabieg\u00f3w,<br \/>\nplan leczenia oraz informacje o kosztach otrzymasz podczas<br \/>\nkonsultacji u lekarza. Cennik obowi\u0105zuje od dn.1 kwietnia 2026 roku<br \/>\ndo odwo\u0142ania<\/p>\n","protected":false},"excerpt":{"rendered":"<p>Leczenie zachowawcze Konsultacja stomatologiczna:\u00a0 \u00a0 \u00a0150-200 z\u0142 Wype\u0142nienie w z\u0119bie sta\u0142ym w zale\u017cno\u015bci od wielko\u015bci:\u00a0 \u00a0 \u00a0300-400 z\u0142 Leczenie z zastosowaniem lasera Er:\u00a0 \u00a0 \u00a0+100 z\u0142 Odbudowa z\u0119ba:\u00a0 \u00a0 \u00a0od 450 z\u0142 Wype\u0142nienie w z\u0119bie mlecznym:\u00a0 \u00a0 \u00a0200-250 z\u0142 Odbudowa na w\u0142\u00f3knie szklanym:\u00a0 \u00a0 \u00a0500-550 z\u0142 Lic\u00f3wka kompozytowa (bonding):\u00a0 \u00a0 \u00a0600 z\u0142 Opatrunek w z\u0119bie &hellip; <\/p>\n<p class=\"link-more\"><a href=\"https:\/\/poltorakstomatologia.pl\/index.php\/cennik-uslug-poltorak-stomatologia-kielce\/\" class=\"more-link\">Czytaj dalej<span class=\"screen-reader-text\"> \u201eCennik\u201d<\/span><\/a><\/p>\n","protected":false},"author":1,"featured_media":65,"parent":0,"menu_order":0,"comment_status":"closed","ping_status":"closed","template":"","meta":{"footnotes":""},"class_list":["post-11","page","type-page","status-publish","has-post-thumbnail","hentry"],"yoast_head":"<!-- This site is optimized with the Yoast SEO plugin v27.1.1 - https:\/\/yoast.com\/product\/yoast-seo-wordpress\/ -->\n<title>Cennik - Gabinet stomatologiczno-protetyczny<\/title>\n<meta name=\"description\" content=\"Aktualny cennik: implanty, korony, leczenie kana\u0142owe. Przejrzyste ceny i profesjonalna opieka w Kielcach.\" \/>\n<meta name=\"robots\" content=\"index, follow, max-snippet:-1, max-image-preview:large, max-video-preview:-1\" \/>\n<link rel=\"canonical\" href=\"https:\/\/poltorakstomatologia.pl\/index.php\/cennik-uslug-poltorak-stomatologia-kielce\/\" \/>\n<meta property=\"og:locale\" content=\"pl_PL\" \/>\n<meta property=\"og:type\" content=\"article\" \/>\n<meta property=\"og:title\" content=\"Cennik - Gabinet stomatologiczno-protetyczny\" \/>\n<meta property=\"og:description\" content=\"Aktualny cennik: implanty, korony, leczenie kana\u0142owe. Przejrzyste ceny i profesjonalna opieka w Kielcach.\" \/>\n<meta property=\"og:url\" content=\"https:\/\/poltorakstomatologia.pl\/index.php\/cennik-uslug-poltorak-stomatologia-kielce\/\" \/>\n<meta property=\"og:site_name\" content=\"Gabinet stomatologiczno-protetyczny\" \/>\n<meta property=\"article:publisher\" content=\"https:\/\/www.facebook.com\/PoltorakStomatologia\" \/>\n<meta property=\"article:modified_time\" content=\"2026-04-01T08:30:46+00:00\" \/>\n<meta property=\"og:image\" content=\"https:\/\/poltorakstomatologia.pl\/wp-content\/uploads\/2018\/03\/MG_9468-1024x683.jpg\" \/>\n\t<meta property=\"og:image:width\" content=\"1024\" \/>\n\t<meta property=\"og:image:height\" content=\"683\" \/>\n\t<meta property=\"og:image:type\" content=\"image\/jpeg\" \/>\n<meta name=\"twitter:card\" content=\"summary_large_image\" \/>\n<meta name=\"twitter:label1\" content=\"Szacowany czas czytania\" \/>\n\t<meta name=\"twitter:data1\" content=\"4 minuty\" \/>\n<script type=\"application\/ld+json\" class=\"yoast-schema-graph\">{\"@context\":\"https:\/\/schema.org\",\"@graph\":[{\"@type\":\"WebPage\",\"@id\":\"https:\/\/poltorakstomatologia.pl\/index.php\/cennik-uslug-poltorak-stomatologia-kielce\/\",\"url\":\"https:\/\/poltorakstomatologia.pl\/index.php\/cennik-uslug-poltorak-stomatologia-kielce\/\",\"name\":\"Cennik - Gabinet stomatologiczno-protetyczny\",\"isPartOf\":{\"@id\":\"https:\/\/poltorakstomatologia.pl\/#website\"},\"primaryImageOfPage\":{\"@id\":\"https:\/\/poltorakstomatologia.pl\/index.php\/cennik-uslug-poltorak-stomatologia-kielce\/#primaryimage\"},\"image\":{\"@id\":\"https:\/\/poltorakstomatologia.pl\/index.php\/cennik-uslug-poltorak-stomatologia-kielce\/#primaryimage\"},\"thumbnailUrl\":\"https:\/\/poltorakstomatologia.pl\/wp-content\/uploads\/2018\/03\/MG_9468.jpg\",\"datePublished\":\"2018-03-22T07:30:22+00:00\",\"dateModified\":\"2026-04-01T08:30:46+00:00\",\"description\":\"Aktualny cennik: implanty, korony, leczenie kana\u0142owe. Przejrzyste ceny i profesjonalna opieka w Kielcach.\",\"breadcrumb\":{\"@id\":\"https:\/\/poltorakstomatologia.pl\/index.php\/cennik-uslug-poltorak-stomatologia-kielce\/#breadcrumb\"},\"inLanguage\":\"pl-PL\",\"potentialAction\":[{\"@type\":\"ReadAction\",\"target\":[\"https:\/\/poltorakstomatologia.pl\/index.php\/cennik-uslug-poltorak-stomatologia-kielce\/\"]}]},{\"@type\":\"ImageObject\",\"inLanguage\":\"pl-PL\",\"@id\":\"https:\/\/poltorakstomatologia.pl\/index.php\/cennik-uslug-poltorak-stomatologia-kielce\/#primaryimage\",\"url\":\"https:\/\/poltorakstomatologia.pl\/wp-content\/uploads\/2018\/03\/MG_9468.jpg\",\"contentUrl\":\"https:\/\/poltorakstomatologia.pl\/wp-content\/uploads\/2018\/03\/MG_9468.jpg\",\"width\":5616,\"height\":3744,\"caption\":\"dentysta Konrad P\u00f3\u0142torak Kielce\"},{\"@type\":\"BreadcrumbList\",\"@id\":\"https:\/\/poltorakstomatologia.pl\/index.php\/cennik-uslug-poltorak-stomatologia-kielce\/#breadcrumb\",\"itemListElement\":[{\"@type\":\"ListItem\",\"position\":1,\"name\":\"Strona g\u0142\u00f3wna\",\"item\":\"https:\/\/poltorakstomatologia.pl\/\"},{\"@type\":\"ListItem\",\"position\":2,\"name\":\"Cennik\"}]},{\"@type\":\"WebSite\",\"@id\":\"https:\/\/poltorakstomatologia.pl\/#website\",\"url\":\"https:\/\/poltorakstomatologia.pl\/\",\"name\":\"Dentysta Kielce \u2013 Konrad P\u00f3\u0142torak | Stomatologia & Protetyka\",\"description\":\"Dr n. med. Konrad P\u00f3\u0142torak\",\"publisher\":{\"@id\":\"https:\/\/poltorakstomatologia.pl\/#organization\"},\"potentialAction\":[{\"@type\":\"SearchAction\",\"target\":{\"@type\":\"EntryPoint\",\"urlTemplate\":\"https:\/\/poltorakstomatologia.pl\/?s={search_term_string}\"},\"query-input\":{\"@type\":\"PropertyValueSpecification\",\"valueRequired\":true,\"valueName\":\"search_term_string\"}}],\"inLanguage\":\"pl-PL\"},{\"@type\":\"Organization\",\"@id\":\"https:\/\/poltorakstomatologia.pl\/#organization\",\"name\":\"Gabinet stomatologiczno-protetyczny Konrad P\u00f3\u0142torak\",\"url\":\"https:\/\/poltorakstomatologia.pl\/\",\"logo\":{\"@type\":\"ImageObject\",\"inLanguage\":\"pl-PL\",\"@id\":\"https:\/\/poltorakstomatologia.pl\/#\/schema\/logo\/image\/\",\"url\":\"https:\/\/poltorakstomatologia.pl\/wp-content\/uploads\/2025\/04\/Dodaj-naglowek-2.png\",\"contentUrl\":\"https:\/\/poltorakstomatologia.pl\/wp-content\/uploads\/2025\/04\/Dodaj-naglowek-2.png\",\"width\":940,\"height\":788,\"caption\":\"Gabinet stomatologiczno-protetyczny Konrad P\u00f3\u0142torak\"},\"image\":{\"@id\":\"https:\/\/poltorakstomatologia.pl\/#\/schema\/logo\/image\/\"},\"sameAs\":[\"https:\/\/www.facebook.com\/PoltorakStomatologia\",\"https:\/\/www.instagram.com\/konradpoltorak.dr\/\"]}]}<\/script>\n<!-- \/ Yoast SEO plugin. -->","yoast_head_json":{"title":"Cennik - Gabinet stomatologiczno-protetyczny","description":"Aktualny cennik: implanty, korony, leczenie kana\u0142owe. Przejrzyste ceny i profesjonalna opieka w Kielcach.","robots":{"index":"index","follow":"follow","max-snippet":"max-snippet:-1","max-image-preview":"max-image-preview:large","max-video-preview":"max-video-preview:-1"},"canonical":"https:\/\/poltorakstomatologia.pl\/index.php\/cennik-uslug-poltorak-stomatologia-kielce\/","og_locale":"pl_PL","og_type":"article","og_title":"Cennik - Gabinet stomatologiczno-protetyczny","og_description":"Aktualny cennik: implanty, korony, leczenie kana\u0142owe. Przejrzyste ceny i profesjonalna opieka w Kielcach.","og_url":"https:\/\/poltorakstomatologia.pl\/index.php\/cennik-uslug-poltorak-stomatologia-kielce\/","og_site_name":"Gabinet stomatologiczno-protetyczny","article_publisher":"https:\/\/www.facebook.com\/PoltorakStomatologia","article_modified_time":"2026-04-01T08:30:46+00:00","og_image":[{"width":1024,"height":683,"url":"https:\/\/poltorakstomatologia.pl\/wp-content\/uploads\/2018\/03\/MG_9468-1024x683.jpg","type":"image\/jpeg"}],"twitter_card":"summary_large_image","twitter_misc":{"Szacowany czas czytania":"4 minuty"},"schema":{"@context":"https:\/\/schema.org","@graph":[{"@type":"WebPage","@id":"https:\/\/poltorakstomatologia.pl\/index.php\/cennik-uslug-poltorak-stomatologia-kielce\/","url":"https:\/\/poltorakstomatologia.pl\/index.php\/cennik-uslug-poltorak-stomatologia-kielce\/","name":"Cennik - Gabinet stomatologiczno-protetyczny","isPartOf":{"@id":"https:\/\/poltorakstomatologia.pl\/#website"},"primaryImageOfPage":{"@id":"https:\/\/poltorakstomatologia.pl\/index.php\/cennik-uslug-poltorak-stomatologia-kielce\/#primaryimage"},"image":{"@id":"https:\/\/poltorakstomatologia.pl\/index.php\/cennik-uslug-poltorak-stomatologia-kielce\/#primaryimage"},"thumbnailUrl":"https:\/\/poltorakstomatologia.pl\/wp-content\/uploads\/2018\/03\/MG_9468.jpg","datePublished":"2018-03-22T07:30:22+00:00","dateModified":"2026-04-01T08:30:46+00:00","description":"Aktualny cennik: implanty, korony, leczenie kana\u0142owe. Przejrzyste ceny i profesjonalna opieka w Kielcach.","breadcrumb":{"@id":"https:\/\/poltorakstomatologia.pl\/index.php\/cennik-uslug-poltorak-stomatologia-kielce\/#breadcrumb"},"inLanguage":"pl-PL","potentialAction":[{"@type":"ReadAction","target":["https:\/\/poltorakstomatologia.pl\/index.php\/cennik-uslug-poltorak-stomatologia-kielce\/"]}]},{"@type":"ImageObject","inLanguage":"pl-PL","@id":"https:\/\/poltorakstomatologia.pl\/index.php\/cennik-uslug-poltorak-stomatologia-kielce\/#primaryimage","url":"https:\/\/poltorakstomatologia.pl\/wp-content\/uploads\/2018\/03\/MG_9468.jpg","contentUrl":"https:\/\/poltorakstomatologia.pl\/wp-content\/uploads\/2018\/03\/MG_9468.jpg","width":5616,"height":3744,"caption":"dentysta Konrad P\u00f3\u0142torak Kielce"},{"@type":"BreadcrumbList","@id":"https:\/\/poltorakstomatologia.pl\/index.php\/cennik-uslug-poltorak-stomatologia-kielce\/#breadcrumb","itemListElement":[{"@type":"ListItem","position":1,"name":"Strona g\u0142\u00f3wna","item":"https:\/\/poltorakstomatologia.pl\/"},{"@type":"ListItem","position":2,"name":"Cennik"}]},{"@type":"WebSite","@id":"https:\/\/poltorakstomatologia.pl\/#website","url":"https:\/\/poltorakstomatologia.pl\/","name":"Dentysta Kielce \u2013 Konrad P\u00f3\u0142torak | Stomatologia & Protetyka","description":"Dr n. med. Konrad P\u00f3\u0142torak","publisher":{"@id":"https:\/\/poltorakstomatologia.pl\/#organization"},"potentialAction":[{"@type":"SearchAction","target":{"@type":"EntryPoint","urlTemplate":"https:\/\/poltorakstomatologia.pl\/?s={search_term_string}"},"query-input":{"@type":"PropertyValueSpecification","valueRequired":true,"valueName":"search_term_string"}}],"inLanguage":"pl-PL"},{"@type":"Organization","@id":"https:\/\/poltorakstomatologia.pl\/#organization","name":"Gabinet stomatologiczno-protetyczny Konrad P\u00f3\u0142torak","url":"https:\/\/poltorakstomatologia.pl\/","logo":{"@type":"ImageObject","inLanguage":"pl-PL","@id":"https:\/\/poltorakstomatologia.pl\/#\/schema\/logo\/image\/","url":"https:\/\/poltorakstomatologia.pl\/wp-content\/uploads\/2025\/04\/Dodaj-naglowek-2.png","contentUrl":"https:\/\/poltorakstomatologia.pl\/wp-content\/uploads\/2025\/04\/Dodaj-naglowek-2.png","width":940,"height":788,"caption":"Gabinet stomatologiczno-protetyczny Konrad P\u00f3\u0142torak"},"image":{"@id":"https:\/\/poltorakstomatologia.pl\/#\/schema\/logo\/image\/"},"sameAs":["https:\/\/www.facebook.com\/PoltorakStomatologia","https:\/\/www.instagram.com\/konradpoltorak.dr\/"]}]}},"_links":{"self":[{"href":"https:\/\/poltorakstomatologia.pl\/index.php\/wp-json\/wp\/v2\/pages\/11","targetHints":{"allow":["GET"]}}],"collection":[{"href":"https:\/\/poltorakstomatologia.pl\/index.php\/wp-json\/wp\/v2\/pages"}],"about":[{"href":"https:\/\/poltorakstomatologia.pl\/index.php\/wp-json\/wp\/v2\/types\/page"}],"author":[{"embeddable":true,"href":"https:\/\/poltorakstomatologia.pl\/index.php\/wp-json\/wp\/v2\/users\/1"}],"replies":[{"embeddable":true,"href":"https:\/\/poltorakstomatologia.pl\/index.php\/wp-json\/wp\/v2\/comments?post=11"}],"version-history":[{"count":6,"href":"https:\/\/poltorakstomatologia.pl\/index.php\/wp-json\/wp\/v2\/pages\/11\/revisions"}],"predecessor-version":[{"id":208,"href":"https:\/\/poltorakstomatologia.pl\/index.php\/wp-json\/wp\/v2\/pages\/11\/revisions\/208"}],"wp:featuredmedia":[{"embeddable":true,"href":"https:\/\/poltorakstomatologia.pl\/index.php\/wp-json\/wp\/v2\/media\/65"}],"wp:attachment":[{"href":"https:\/\/poltorakstomatologia.pl\/index.php\/wp-json\/wp\/v2\/media?parent=11"}],"curies":[{"name":"wp","href":"https:\/\/api.w.org\/{rel}","templated":true}]}}