{"id":126,"date":"2022-04-15T18:04:44","date_gmt":"2022-04-15T18:04:44","guid":{"rendered":"http:\/\/poltorakstomatologia.pl\/?page_id=126"},"modified":"2025-01-21T08:20:36","modified_gmt":"2025-01-21T08:20:36","slug":"klauzula-rodo","status":"publish","type":"page","link":"https:\/\/poltorakstomatologia.pl\/index.php\/klauzula-rodo\/","title":{"rendered":"Klauzula RODO"},"content":{"rendered":"<p>Klauzula informacyjna RODO dla Pacjent\u00f3w korzystaj\u0105cych z zabieg\u00f3w<br \/>\nprowadzonych przez podmiot wykonuj\u0105cy dzia\u0142alno\u015b\u0107 lecznicz\u0105<\/p>\n<p>GABINET STOMATOLOGICZNO PROTETYCZNY KONRAD P\u00d3\u0141TORAK<br \/>\nna mocy art. 13 RODO (podawana w przypadku zbierania danych od osoby, kt\u00f3rej dane dotycz\u0105)<br \/>\nSzanuj\u0105c Pa\u0144stwa prywatno\u015b\u0107 oraz dbaj\u0105c o to, aby wiedzieli Pa\u0144stwo jak przetwarzane s\u0105 Pa\u0144stwa dane osobowe, przedstawiamy zestaw najwa\u017cniejszych informacji zwi\u0105zanych z Rozporz\u0105dzeniem UE 2016\/679,<br \/>\nzwanym og\u00f3lnym rozporz\u0105dzeniem o ochronie danych (\u201eRODO\u201d):<\/p>\n<p>ADMINISTRATOR DANYCH OSOBOWYCH<br \/>\nAdministratorem Pani\/Pana danych osobowych jest Konrad P\u00f3\u0142torak prowadz\u0105cy dzia\u0142alno\u015b\u0107 gospodarcz\u0105 pod\u00a0nazw\u0105 GABINET STOMATOLOGICZNO PROTETYCZNY KONRAD P\u00d3\u0141TORAK z siedzib\u0105 przy ul. Na\u0142kowskiej 4\/9,\u00a025-546 Kielce, NIP: 6631723053. Kontakt e-mail: gabinet218e@gmail.com, tel. 606 968 303.<\/p>\n<p>CELE ORAZ PODSTAWY PRAWNE PRZETWARZANIA DANYCH OSOBOWYCH<\/p>\n<p>Informujemy, \u017ce Pa\u0144stwa dane osobowe przetwarzane mog\u0105 by\u0107 w nast\u0119puj\u0105cych celach:<br \/>\na) Wykonywania dzia\u0142alno\u015bci leczniczej przez Administratora i wype\u0142nienia w tym celu\u00a0obowi\u0105zk\u00f3w prawnych ci\u0105\u017c\u0105cych na administratorze w zwi\u0105zku z konieczno\u015bci\u0105 przechowywania\u00a0dokumentacji medycznej na podstawie art. 6 ust.1 lit. c RODO oraz art. 9 ust. 2 lit. h (przetwarzanie jest\u00a0niezb\u0119dne do cel\u00f3w diagnozy medycznej, zapewnienia opieki zdrowotnej, leczenia na podstawie prawa\u00a0pa\u0144stwa cz\u0142onkowskiego) i w zwi\u0105zku z przepisami takimi jak: ustawa z dnia 6 listopada 2008 r. o prawach\u00a0pacjenta i Rzeczniku Praw Pacjenta, ustawy z dnia 15 lipca 2011 r. o zawodach piel\u0119gniarki i po\u0142o\u017cnej, ustawa z dnia 15 kwietnia 2011 r. o dzia\u0142alno\u015bci leczniczej.<br \/>\nb) wype\u0142nienia obowi\u0105zk\u00f3w prawnych ci\u0105\u017c\u0105cych na administratorze w zwi\u0105zku z prowadzeniem\u00a0dokumentacji ksi\u0119gowej i podatkowej na podstawie art. 6 ust. 1 lit. c RODO wynikaj\u0105cych z ustawy z dnia\u00a029 wrze\u015bnia 1994 r. o rachunkowo\u015bci w przypadku, kiedy Pacjent b\u0119dzie pobiera\u0142 imienny dokument ksi\u0119gowy\u00a0lub faktur\u0119 na firm\u0119.<br \/>\nc) dochodzenia roszcze\u0144 i obrony przed ewentualnymi roszczeniami na podstawie prawnie\u00a0uzasadnionego interesu administratora- art. 6 ust. 1 lit. f RODO, kt\u00f3rym jest obrona interes\u00f3w i dbania o dobre\u00a0imi\u0119 w ramach wykonywania dzia\u0142alno\u015bci leczniczej.<br \/>\nd) Wype\u0142nienia obowi\u0105zk\u00f3w prawnych ci\u0105\u017c\u0105cych na administratorze w zwi\u0105zku z podleganiu\u00a0nadzorowi przez podmioty dokonuj\u0105ce rejestracji i kontroli podmiotu leczniczego\u00a0prowadzonego przez Administratora na podstawie art. 6 ust. 1 lit. C RODO wynikaj\u0105cych z przepis\u00f3w\u00a0ustawy z dnia 15 kwietnia 2011 r. o dzia\u0142alno\u015bci leczniczej.<\/p>\n<p>CZAS PRZEZ JAKI B\u0118DZIEMY PRZETWARZA\u0106 DANE OSOBOWE<br \/>\nPa\u0144stwa dane osobowe b\u0119d\u0105 przetwarzane przez okres zgodnie z przepisami ustawy z dnia 8 czerwca 2017 r. o\u00a0prawach pacjenta i Rzeczniku Praw Pacjenta oraz maj\u0105c na wzgl\u0119dzie pozosta\u0142e przepisy prawa dotycz\u0105ce\u00a0dzia\u0142alno\u015bci medycznej przez okres maksymalnie 15 lat, licz\u0105c od ko\u0144ca roku kalendarzowego, w kt\u00f3rym\u00a0dokonano ostatniego wpisu w dokumentacji medycznej. Dane osobowe wynikaj\u0105ce z dokumentacji<br \/>\npodatkowej- maksymalnie 5 lat licz\u0105c od ko\u0144ca roku kalendarzowego, w kt\u00f3rym up\u0142yn\u0105\u0142 termin p\u0142atno\u015bci\u00a0podatku. Dane osobowe przetwarzane w celu obrony przed roszczeniami lub dochodzenia roszcze\u0144 przez b\u0119d\u0105<br \/>\nprzechowywane do czasu przedawnienia roszcze\u0144.<\/p>\n<p>KATEGORIE ODBIORC\u00d3W DANYCH<br \/>\nAdministrator b\u0119dzie przekazywa\u0107 Pa\u0144stwa dane osobowe (w odpowiednich sytuacjach powierza\u0107 do\u00a0przetwarzania) dostawcom us\u0142ug i oprogramowania komputerowego wspomagaj\u0105cego zarz\u0105dzanie,\u00a0dostawcom us\u0142ug hosting poczty elektronicznej, podmiotom nadzoruj\u0105cym dzia\u0142alno\u015b\u0107 medyczn\u0105 w zakresie\u00a0\u015bwiadczenia us\u0142ug medycznych. Odbiorcami Pa\u0144stwa danych b\u0119d\u0105 r\u00f3wnie\u017c podmioty upowa\u017cnione na\u00a0podstawie przepis\u00f3w ustawy o prawach pacjenta i Rzeczniku Praw Pacjenta, podmiotom, o kt\u00f3rych mowa w<br \/>\nustawie z dnia 15 kwietnia 2011 r. o dzia\u0142alno\u015bci leczniczej w zakresie niezb\u0119dnym do przeprowadzenia kontroli\u00a0na zlecenie ministra w\u0142a\u015bciwego do spraw zdrowia, podmiotom prowadz\u0105ce rejestry us\u0142ug medycznych w<br \/>\nzakresie niezb\u0119dnym do prowadzenia rejestr\u00f3w.<br \/>\nPa\u0144stwa dane mog\u0105 r\u00f3wnie\u017c zosta\u0107 udost\u0119pnione niezale\u017cnym podmiotom medycznym, w\u00a0zwi\u0105zku ze zleceniem dodatkowych bada\u0144 czy konsultacji medycznych. W tym zakresie\u00a0Pa\u0144stwa dane b\u0119d\u0105 przekazywane do niezale\u017cnych Administrator\u00f3w danych. Taka sytuacja\u00a0mo\u017ce zdarzy\u0107 si\u0119 w przypadku konieczno\u015bci uzyskania dodatkowej konsultacji medycznej lub<br \/>\nprzekazania wynik\u00f3w bada\u0144 do laboratorium medycznego.<br \/>\nOdbiorcami Pa\u0144stwa danych osobowych mog\u0105 by\u0107 tak\u017ce dostawcy us\u0142ug prawnych w przypadku konieczno\u015bci\u00a0obrony przed ewentualnymi roszczeniami oraz dostawcy us\u0142ug ksi\u0119gowych i rachunkowych. Je\u017celi chcecie\u00a0pozna\u0107 Pa\u0144stwo szczeg\u00f3\u0142ow\u0105 list\u0119 podmiot\u00f3w, kt\u00f3rym udost\u0119pniane b\u0119d\u0105 udost\u0119pniane lub powierzane dane\u00a0osobowe prosimy o kontakt z Administratorem.<\/p>\n<p>PRZYS\u0141UGUJ\u0104CE PRAWA<br \/>\nW zwi\u0105zku z tym, \u017ce przetwarzamy Pa\u0144stwa dane osobowe, maj\u0105 Pa\u0144stwo prawo do:<br \/>\n1) \u017c\u0105dania dost\u0119pu do swoich danych osobowych,<br \/>\n2) \u017c\u0105dania sprostowania swoich danych osobowych,<br \/>\n3) \u017c\u0105dania usuni\u0119cia lub ograniczenia przetwarzania swoich danych osobowych,<\/p>\n<p>PRAWO SPRZECIWU<br \/>\nPonadto przys\u0142uguje Pa\u0144stwu prawo wniesienia sprzeciwu wobec przetwarzania danych osobowych w\u00a0przypadkach okre\u015blonych w art. 21 RODO.<\/p>\n<p>PRAWO DO WNIESIENIA SKARGI<br \/>\nJe\u017celi uznaj\u0105 Pa\u0144stwo, \u017ce Pa\u0144stwa dane osobowe s\u0105 przetwarzane niezgodnie z wymogami prawa, przys\u0142uguje\u00a0Pa\u0144stwu prawo wniesienia skargi do organu nadzorczego, kt\u00f3rym jest Prezes Urz\u0119du Ochrony Danych\u00a0Osobowych (ul. Stawki 2, 00-193 Warszawa, https:\/\/www.uodo.gov.pl\/).<\/p>\n<p>INFORMACJA CO DO WYMOGU LUB DOBROWOLNO\u015aCI PODANIA DANYCH ORAZ KONSEKWENCJACH ICH NIEPODANIA<br \/>\nW zakresie przetwarzania danych osobowych w celu wype\u0142nienia obowi\u0105zk\u00f3w prawnych ci\u0105\u017c\u0105cych na\u00a0administratorze, obowi\u0105zek podania danych jest wymogiem ustawowym. W przypadku pozosta\u0142ych cel\u00f3w\u00a0podanie danych osobowych jest dobrowolne, jednak jest niezb\u0119dne do \u015bwiadczenia us\u0142ug medycznych przez\u00a0Administratora.<\/p>\n","protected":false},"excerpt":{"rendered":"<p>Klauzula informacyjna RODO dla Pacjent\u00f3w korzystaj\u0105cych z zabieg\u00f3w prowadzonych przez podmiot wykonuj\u0105cy dzia\u0142alno\u015b\u0107 lecznicz\u0105 GABINET STOMATOLOGICZNO PROTETYCZNY KONRAD P\u00d3\u0141TORAK na mocy art. 13 RODO (podawana w przypadku zbierania danych od osoby, kt\u00f3rej dane dotycz\u0105) Szanuj\u0105c Pa\u0144stwa prywatno\u015b\u0107 oraz dbaj\u0105c o to, aby wiedzieli Pa\u0144stwo jak przetwarzane s\u0105 Pa\u0144stwa dane osobowe, przedstawiamy zestaw najwa\u017cniejszych informacji zwi\u0105zanych &hellip; <\/p>\n<p class=\"link-more\"><a href=\"https:\/\/poltorakstomatologia.pl\/index.php\/klauzula-rodo\/\" class=\"more-link\">Czytaj dalej<span class=\"screen-reader-text\"> \u201eKlauzula RODO\u201d<\/span><\/a><\/p>\n","protected":false},"author":1,"featured_media":0,"parent":0,"menu_order":0,"comment_status":"closed","ping_status":"closed","template":"","meta":{"footnotes":""},"class_list":["post-126","page","type-page","status-publish","hentry"],"yoast_head":"<!-- This site is optimized with the Yoast SEO plugin v27.1.1 - https:\/\/yoast.com\/product\/yoast-seo-wordpress\/ -->\n<title>Klauzula RODO - Gabinet stomatologiczno-protetyczny<\/title>\n<meta name=\"description\" content=\"Dentysta Kielce \u2013 protetyka \/ implanty \/ leczenie kana\u0142owe\" \/>\n<meta name=\"robots\" content=\"index, follow, max-snippet:-1, max-image-preview:large, max-video-preview:-1\" \/>\n<link rel=\"canonical\" href=\"https:\/\/poltorakstomatologia.pl\/index.php\/klauzula-rodo\/\" \/>\n<meta property=\"og:locale\" content=\"pl_PL\" \/>\n<meta property=\"og:type\" content=\"article\" \/>\n<meta property=\"og:title\" content=\"Klauzula RODO - Gabinet stomatologiczno-protetyczny\" \/>\n<meta property=\"og:description\" content=\"Dentysta Kielce \u2013 protetyka \/ implanty \/ leczenie kana\u0142owe\" \/>\n<meta property=\"og:url\" content=\"https:\/\/poltorakstomatologia.pl\/index.php\/klauzula-rodo\/\" \/>\n<meta property=\"og:site_name\" content=\"Gabinet stomatologiczno-protetyczny\" \/>\n<meta property=\"article:publisher\" content=\"https:\/\/www.facebook.com\/PoltorakStomatologia\" \/>\n<meta property=\"article:modified_time\" content=\"2025-01-21T08:20:36+00:00\" \/>\n<meta name=\"twitter:card\" content=\"summary_large_image\" \/>\n<meta name=\"twitter:label1\" content=\"Szacowany czas czytania\" \/>\n\t<meta name=\"twitter:data1\" content=\"5 minut\" \/>\n<script type=\"application\/ld+json\" class=\"yoast-schema-graph\">{\"@context\":\"https:\/\/schema.org\",\"@graph\":[{\"@type\":\"WebPage\",\"@id\":\"https:\/\/poltorakstomatologia.pl\/index.php\/klauzula-rodo\/\",\"url\":\"https:\/\/poltorakstomatologia.pl\/index.php\/klauzula-rodo\/\",\"name\":\"Klauzula RODO - Gabinet stomatologiczno-protetyczny\",\"isPartOf\":{\"@id\":\"https:\/\/poltorakstomatologia.pl\/#website\"},\"datePublished\":\"2022-04-15T18:04:44+00:00\",\"dateModified\":\"2025-01-21T08:20:36+00:00\",\"description\":\"Dentysta Kielce \u2013 protetyka \/ implanty \/ leczenie kana\u0142owe\",\"breadcrumb\":{\"@id\":\"https:\/\/poltorakstomatologia.pl\/index.php\/klauzula-rodo\/#breadcrumb\"},\"inLanguage\":\"pl-PL\",\"potentialAction\":[{\"@type\":\"ReadAction\",\"target\":[\"https:\/\/poltorakstomatologia.pl\/index.php\/klauzula-rodo\/\"]}]},{\"@type\":\"BreadcrumbList\",\"@id\":\"https:\/\/poltorakstomatologia.pl\/index.php\/klauzula-rodo\/#breadcrumb\",\"itemListElement\":[{\"@type\":\"ListItem\",\"position\":1,\"name\":\"Strona g\u0142\u00f3wna\",\"item\":\"https:\/\/poltorakstomatologia.pl\/\"},{\"@type\":\"ListItem\",\"position\":2,\"name\":\"Klauzula RODO\"}]},{\"@type\":\"WebSite\",\"@id\":\"https:\/\/poltorakstomatologia.pl\/#website\",\"url\":\"https:\/\/poltorakstomatologia.pl\/\",\"name\":\"Dentysta Kielce \u2013 Konrad P\u00f3\u0142torak | Stomatologia & Protetyka\",\"description\":\"Dr n. med. Konrad P\u00f3\u0142torak\",\"publisher\":{\"@id\":\"https:\/\/poltorakstomatologia.pl\/#organization\"},\"potentialAction\":[{\"@type\":\"SearchAction\",\"target\":{\"@type\":\"EntryPoint\",\"urlTemplate\":\"https:\/\/poltorakstomatologia.pl\/?s={search_term_string}\"},\"query-input\":{\"@type\":\"PropertyValueSpecification\",\"valueRequired\":true,\"valueName\":\"search_term_string\"}}],\"inLanguage\":\"pl-PL\"},{\"@type\":\"Organization\",\"@id\":\"https:\/\/poltorakstomatologia.pl\/#organization\",\"name\":\"Gabinet stomatologiczno-protetyczny Konrad P\u00f3\u0142torak\",\"url\":\"https:\/\/poltorakstomatologia.pl\/\",\"logo\":{\"@type\":\"ImageObject\",\"inLanguage\":\"pl-PL\",\"@id\":\"https:\/\/poltorakstomatologia.pl\/#\/schema\/logo\/image\/\",\"url\":\"https:\/\/poltorakstomatologia.pl\/wp-content\/uploads\/2025\/04\/Dodaj-naglowek-2.png\",\"contentUrl\":\"https:\/\/poltorakstomatologia.pl\/wp-content\/uploads\/2025\/04\/Dodaj-naglowek-2.png\",\"width\":940,\"height\":788,\"caption\":\"Gabinet stomatologiczno-protetyczny Konrad P\u00f3\u0142torak\"},\"image\":{\"@id\":\"https:\/\/poltorakstomatologia.pl\/#\/schema\/logo\/image\/\"},\"sameAs\":[\"https:\/\/www.facebook.com\/PoltorakStomatologia\",\"https:\/\/www.instagram.com\/konradpoltorak.dr\/\"]}]}<\/script>\n<!-- \/ Yoast SEO plugin. -->","yoast_head_json":{"title":"Klauzula RODO - Gabinet stomatologiczno-protetyczny","description":"Dentysta Kielce \u2013 protetyka \/ implanty \/ leczenie kana\u0142owe","robots":{"index":"index","follow":"follow","max-snippet":"max-snippet:-1","max-image-preview":"max-image-preview:large","max-video-preview":"max-video-preview:-1"},"canonical":"https:\/\/poltorakstomatologia.pl\/index.php\/klauzula-rodo\/","og_locale":"pl_PL","og_type":"article","og_title":"Klauzula RODO - Gabinet stomatologiczno-protetyczny","og_description":"Dentysta Kielce \u2013 protetyka \/ implanty \/ leczenie kana\u0142owe","og_url":"https:\/\/poltorakstomatologia.pl\/index.php\/klauzula-rodo\/","og_site_name":"Gabinet stomatologiczno-protetyczny","article_publisher":"https:\/\/www.facebook.com\/PoltorakStomatologia","article_modified_time":"2025-01-21T08:20:36+00:00","twitter_card":"summary_large_image","twitter_misc":{"Szacowany czas czytania":"5 minut"},"schema":{"@context":"https:\/\/schema.org","@graph":[{"@type":"WebPage","@id":"https:\/\/poltorakstomatologia.pl\/index.php\/klauzula-rodo\/","url":"https:\/\/poltorakstomatologia.pl\/index.php\/klauzula-rodo\/","name":"Klauzula RODO - Gabinet stomatologiczno-protetyczny","isPartOf":{"@id":"https:\/\/poltorakstomatologia.pl\/#website"},"datePublished":"2022-04-15T18:04:44+00:00","dateModified":"2025-01-21T08:20:36+00:00","description":"Dentysta Kielce \u2013 protetyka \/ implanty \/ leczenie kana\u0142owe","breadcrumb":{"@id":"https:\/\/poltorakstomatologia.pl\/index.php\/klauzula-rodo\/#breadcrumb"},"inLanguage":"pl-PL","potentialAction":[{"@type":"ReadAction","target":["https:\/\/poltorakstomatologia.pl\/index.php\/klauzula-rodo\/"]}]},{"@type":"BreadcrumbList","@id":"https:\/\/poltorakstomatologia.pl\/index.php\/klauzula-rodo\/#breadcrumb","itemListElement":[{"@type":"ListItem","position":1,"name":"Strona g\u0142\u00f3wna","item":"https:\/\/poltorakstomatologia.pl\/"},{"@type":"ListItem","position":2,"name":"Klauzula RODO"}]},{"@type":"WebSite","@id":"https:\/\/poltorakstomatologia.pl\/#website","url":"https:\/\/poltorakstomatologia.pl\/","name":"Dentysta Kielce \u2013 Konrad P\u00f3\u0142torak | Stomatologia & Protetyka","description":"Dr n. med. Konrad P\u00f3\u0142torak","publisher":{"@id":"https:\/\/poltorakstomatologia.pl\/#organization"},"potentialAction":[{"@type":"SearchAction","target":{"@type":"EntryPoint","urlTemplate":"https:\/\/poltorakstomatologia.pl\/?s={search_term_string}"},"query-input":{"@type":"PropertyValueSpecification","valueRequired":true,"valueName":"search_term_string"}}],"inLanguage":"pl-PL"},{"@type":"Organization","@id":"https:\/\/poltorakstomatologia.pl\/#organization","name":"Gabinet stomatologiczno-protetyczny Konrad P\u00f3\u0142torak","url":"https:\/\/poltorakstomatologia.pl\/","logo":{"@type":"ImageObject","inLanguage":"pl-PL","@id":"https:\/\/poltorakstomatologia.pl\/#\/schema\/logo\/image\/","url":"https:\/\/poltorakstomatologia.pl\/wp-content\/uploads\/2025\/04\/Dodaj-naglowek-2.png","contentUrl":"https:\/\/poltorakstomatologia.pl\/wp-content\/uploads\/2025\/04\/Dodaj-naglowek-2.png","width":940,"height":788,"caption":"Gabinet stomatologiczno-protetyczny Konrad P\u00f3\u0142torak"},"image":{"@id":"https:\/\/poltorakstomatologia.pl\/#\/schema\/logo\/image\/"},"sameAs":["https:\/\/www.facebook.com\/PoltorakStomatologia","https:\/\/www.instagram.com\/konradpoltorak.dr\/"]}]}},"_links":{"self":[{"href":"https:\/\/poltorakstomatologia.pl\/index.php\/wp-json\/wp\/v2\/pages\/126","targetHints":{"allow":["GET"]}}],"collection":[{"href":"https:\/\/poltorakstomatologia.pl\/index.php\/wp-json\/wp\/v2\/pages"}],"about":[{"href":"https:\/\/poltorakstomatologia.pl\/index.php\/wp-json\/wp\/v2\/types\/page"}],"author":[{"embeddable":true,"href":"https:\/\/poltorakstomatologia.pl\/index.php\/wp-json\/wp\/v2\/users\/1"}],"replies":[{"embeddable":true,"href":"https:\/\/poltorakstomatologia.pl\/index.php\/wp-json\/wp\/v2\/comments?post=126"}],"version-history":[{"count":3,"href":"https:\/\/poltorakstomatologia.pl\/index.php\/wp-json\/wp\/v2\/pages\/126\/revisions"}],"predecessor-version":[{"id":136,"href":"https:\/\/poltorakstomatologia.pl\/index.php\/wp-json\/wp\/v2\/pages\/126\/revisions\/136"}],"wp:attachment":[{"href":"https:\/\/poltorakstomatologia.pl\/index.php\/wp-json\/wp\/v2\/media?parent=126"}],"curies":[{"name":"wp","href":"https:\/\/api.w.org\/{rel}","templated":true}]}}